{"id":558,"date":"2019-05-13T18:04:55","date_gmt":"2019-05-13T16:04:55","guid":{"rendered":"http:\/\/kpln.fr\/mode-et-nature\/?page_id=558"},"modified":"2021-02-25T11:31:54","modified_gmt":"2021-02-25T10:31:54","slug":"acces-professionnel","status":"publish","type":"page","link":"https:\/\/kpln.fr\/mode-et-nature\/index.php\/acces-professionnel\/","title":{"rendered":"Acc\u00e8s professionnel"},"content":{"rendered":"\t\t<div data-elementor-type=\"wp-post\" data-elementor-id=\"558\" class=\"elementor elementor-558\" data-elementor-settings=\"[]\">\n\t\t\t\t\t\t<div class=\"elementor-inner\">\n\t\t\t\t\t\t\t<div class=\"elementor-section-wrap\">\n\t\t\t\t\t\t\t<section class=\"elementor-section elementor-top-section elementor-element elementor-element-3e14adf elementor-section-boxed elementor-section-height-default elementor-section-height-default\" data-id=\"3e14adf\" data-element_type=\"section\" data-settings=\"{&quot;background_background&quot;:&quot;classic&quot;}\">\n\t\t\t\t\t\t<div class=\"elementor-container elementor-column-gap-default\">\n\t\t\t\t\t\t\t<div class=\"elementor-row\">\n\t\t\t\t\t<div class=\"elementor-column elementor-col-100 elementor-top-column elementor-element elementor-element-bd2b1b8\" data-id=\"bd2b1b8\" data-element_type=\"column\">\n\t\t\t<div class=\"elementor-column-wrap elementor-element-populated\">\n\t\t\t\t\t\t\t<div class=\"elementor-widget-wrap\">\n\t\t\t\t\t\t<div class=\"elementor-element elementor-element-224335c elementor-widget elementor-widget-heading\" data-id=\"224335c\" data-element_type=\"widget\" data-widget_type=\"heading.default\">\n\t\t\t\t<div class=\"elementor-widget-container\">\n\t\t\t<h2 class=\"elementor-heading-title elementor-size-large\">Vous \u00eates Revendeurs \/ D\u00e9taillants <\/h2>\t\t<\/div>\n\t\t\t\t<\/div>\n\t\t\t\t<div class=\"elementor-element elementor-element-93a7c82 elementor-widget elementor-widget-heading\" data-id=\"93a7c82\" data-element_type=\"widget\" data-widget_type=\"heading.default\">\n\t\t\t\t<div class=\"elementor-widget-container\">\n\t\t\t<h3 class=\"elementor-heading-title elementor-size-default\">L\u2019\u00e9vidence n\u2019est plus \u00e0 d\u00e9montrer \u2026. L\u2019industrie textile est r\u00e9put\u00e9e \u00eatre la plus polluante !<\/h3>\t\t<\/div>\n\t\t\t\t<\/div>\n\t\t\t\t<div class=\"elementor-element elementor-element-cd4d9fc elementor-widget elementor-widget-text-editor\" data-id=\"cd4d9fc\" data-element_type=\"widget\" data-widget_type=\"text-editor.default\">\n\t\t\t\t<div class=\"elementor-widget-container\">\n\t\t\t\t\t\t\t\t<div class=\"elementor-text-editor elementor-clearfix\">\n\t\t\t\t\t<p><em>La marque KPLN, est la \u00ab\u00a0mode green\u00a0\u00bb \u00e9co-responsable qui associe le textile et la nature.<\/em><\/p>\t\t\t\t\t<\/div>\n\t\t\t\t\t\t<\/div>\n\t\t\t\t<\/div>\n\t\t\t\t\t\t<\/div>\n\t\t\t\t\t<\/div>\n\t\t<\/div>\n\t\t\t\t\t\t\t\t<\/div>\n\t\t\t\t\t<\/div>\n\t\t<\/section>\n\t\t\t\t<section class=\"elementor-section elementor-top-section elementor-element elementor-element-c7f9e22 elementor-section-boxed elementor-section-height-default elementor-section-height-default\" data-id=\"c7f9e22\" data-element_type=\"section\">\n\t\t\t\t\t\t<div class=\"elementor-container elementor-column-gap-default\">\n\t\t\t\t\t\t\t<div class=\"elementor-row\">\n\t\t\t\t\t<div class=\"elementor-column elementor-col-100 elementor-top-column elementor-element elementor-element-736afc2\" data-id=\"736afc2\" data-element_type=\"column\">\n\t\t\t<div class=\"elementor-column-wrap elementor-element-populated\">\n\t\t\t\t\t\t\t<div class=\"elementor-widget-wrap\">\n\t\t\t\t\t\t<div class=\"elementor-element elementor-element-bc2305c elementor-widget elementor-widget-image\" data-id=\"bc2305c\" data-element_type=\"widget\" data-widget_type=\"image.default\">\n\t\t\t\t<div class=\"elementor-widget-container\">\n\t\t\t\t\t\t\t\t<div class=\"elementor-image\">\n\t\t\t\t\t\t\t\t\t\t\t\t<img width=\"768\" height=\"432\" src=\"https:\/\/kpln.fr\/mode-et-nature\/wp-content\/uploads\/2020\/03\/Selection-photos1-1024x576--768x432.jpg\" class=\"attachment-medium_large size-medium_large\" alt=\"\" loading=\"lazy\" srcset=\"https:\/\/kpln.fr\/mode-et-nature\/wp-content\/uploads\/2020\/03\/Selection-photos1-1024x576--768x432.jpg 768w, https:\/\/kpln.fr\/mode-et-nature\/wp-content\/uploads\/2020\/03\/Selection-photos1-1024x576--300x169.jpg 300w, https:\/\/kpln.fr\/mode-et-nature\/wp-content\/uploads\/2020\/03\/Selection-photos1-1024x576-.jpg 1024w\" sizes=\"(max-width: 768px) 100vw, 768px\" \/>\t\t\t\t\t\t\t\t\t\t\t\t\t\t<\/div>\n\t\t\t\t\t\t<\/div>\n\t\t\t\t<\/div>\n\t\t\t\t\t\t<\/div>\n\t\t\t\t\t<\/div>\n\t\t<\/div>\n\t\t\t\t\t\t\t\t<\/div>\n\t\t\t\t\t<\/div>\n\t\t<\/section>\n\t\t\t\t<section class=\"elementor-section elementor-top-section elementor-element elementor-element-7863abb elementor-section-boxed elementor-section-height-default elementor-section-height-default\" data-id=\"7863abb\" data-element_type=\"section\">\n\t\t\t\t\t\t<div class=\"elementor-container elementor-column-gap-default\">\n\t\t\t\t\t\t\t<div class=\"elementor-row\">\n\t\t\t\t\t<div class=\"elementor-column elementor-col-100 elementor-top-column elementor-element elementor-element-f8189d7\" data-id=\"f8189d7\" data-element_type=\"column\">\n\t\t\t<div class=\"elementor-column-wrap elementor-element-populated\">\n\t\t\t\t\t\t\t<div class=\"elementor-widget-wrap\">\n\t\t\t\t\t\t<div class=\"elementor-element elementor-element-f900650 elementor-widget elementor-widget-toggle\" data-id=\"f900650\" data-element_type=\"widget\" data-widget_type=\"toggle.default\">\n\t\t\t\t<div class=\"elementor-widget-container\">\n\t\t\t\t\t<div class=\"elementor-toggle\" role=\"tablist\">\n\t\t\t\t\t\t\t<div class=\"elementor-toggle-item\">\n\t\t\t\t\t<div id=\"elementor-tab-title-2611\" class=\"elementor-tab-title\" data-tab=\"1\" role=\"tab\" aria-controls=\"elementor-tab-content-2611\" aria-expanded=\"false\">\n\t\t\t\t\t\t\t\t\t\t\t\t<span class=\"elementor-toggle-icon elementor-toggle-icon-left\" aria-hidden=\"true\">\n\t\t\t\t\t\t\t\t\t\t\t\t\t\t\t<span class=\"elementor-toggle-icon-closed\"><i class=\"fas fa-caret-right\"><\/i><\/span>\n\t\t\t\t\t\t\t\t<span class=\"elementor-toggle-icon-opened\"><i class=\"elementor-toggle-icon-opened fas fa-caret-up\"><\/i><\/span>\n\t\t\t\t\t\t\t\t\t\t\t\t\t<\/span>\n\t\t\t\t\t\t\t\t\t\t\t\t<a href=\"\" class=\"elementor-toggle-title\">Vous souhaitez encourager la production locale et la cr\u00e9ation d\u2019emplois\u200b<\/a>\n\t\t\t\t\t<\/div>\n\t\t\t\t\t<div id=\"elementor-tab-content-2611\" class=\"elementor-tab-content elementor-clearfix\" data-tab=\"1\" role=\"tabpanel\" aria-labelledby=\"elementor-tab-title-2611\"><p>Encourager le made in France et la production locale sont des valeurs propres \u00e0 KPLN.<\/p><\/div>\n\t\t\t\t<\/div>\n\t\t\t\t\t\t\t<div class=\"elementor-toggle-item\">\n\t\t\t\t\t<div id=\"elementor-tab-title-2612\" class=\"elementor-tab-title\" data-tab=\"2\" role=\"tab\" aria-controls=\"elementor-tab-content-2612\" aria-expanded=\"false\">\n\t\t\t\t\t\t\t\t\t\t\t\t<span class=\"elementor-toggle-icon elementor-toggle-icon-left\" aria-hidden=\"true\">\n\t\t\t\t\t\t\t\t\t\t\t\t\t\t\t<span class=\"elementor-toggle-icon-closed\"><i class=\"fas fa-caret-right\"><\/i><\/span>\n\t\t\t\t\t\t\t\t<span class=\"elementor-toggle-icon-opened\"><i class=\"elementor-toggle-icon-opened fas fa-caret-up\"><\/i><\/span>\n\t\t\t\t\t\t\t\t\t\t\t\t\t<\/span>\n\t\t\t\t\t\t\t\t\t\t\t\t<a href=\"\" class=\"elementor-toggle-title\">Vous d\u00e9cidez de franchir le pas et de vous engager pour l\u2019environnement\u200b<\/a>\n\t\t\t\t\t<\/div>\n\t\t\t\t\t<div id=\"elementor-tab-content-2612\" class=\"elementor-tab-content elementor-clearfix\" data-tab=\"2\" role=\"tabpanel\" aria-labelledby=\"elementor-tab-title-2612\"><p>C&rsquo;est pour nous une \u00e9vidence m\u00eame, franchissez le pas avec nous en vous engageant en faveur de la protection&nbsp; l\u2019environnement.<\/p><\/div>\n\t\t\t\t<\/div>\n\t\t\t\t\t\t\t<div class=\"elementor-toggle-item\">\n\t\t\t\t\t<div id=\"elementor-tab-title-2613\" class=\"elementor-tab-title\" data-tab=\"3\" role=\"tab\" aria-controls=\"elementor-tab-content-2613\" aria-expanded=\"false\">\n\t\t\t\t\t\t\t\t\t\t\t\t<span class=\"elementor-toggle-icon elementor-toggle-icon-left\" aria-hidden=\"true\">\n\t\t\t\t\t\t\t\t\t\t\t\t\t\t\t<span class=\"elementor-toggle-icon-closed\"><i class=\"fas fa-caret-right\"><\/i><\/span>\n\t\t\t\t\t\t\t\t<span class=\"elementor-toggle-icon-opened\"><i class=\"elementor-toggle-icon-opened fas fa-caret-up\"><\/i><\/span>\n\t\t\t\t\t\t\t\t\t\t\t\t\t<\/span>\n\t\t\t\t\t\t\t\t\t\t\t\t<a href=\"\" class=\"elementor-toggle-title\">Vous voulez laisser une plan\u00e8te propre aux g\u00e9n\u00e9rations futures\u200b<\/a>\n\t\t\t\t\t<\/div>\n\t\t\t\t\t<div id=\"elementor-tab-content-2613\" class=\"elementor-tab-content elementor-clearfix\" data-tab=\"3\" role=\"tabpanel\" aria-labelledby=\"elementor-tab-title-2613\"><p>Nous pouvons faire en sorte que notre plan\u00e8te reste propre et vivable pour nos g\u00e9n\u00e9rations futures. Cela commence par le soin et le bien-\u00eatre du corps.<\/p><\/div>\n\t\t\t\t<\/div>\n\t\t\t\t\t\t\t\t<\/div>\n\t\t\t\t<\/div>\n\t\t\t\t<\/div>\n\t\t\t\t<div class=\"elementor-element elementor-element-72b2840 elementor-widget elementor-widget-testimonial\" data-id=\"72b2840\" data-element_type=\"widget\" data-widget_type=\"testimonial.default\">\n\t\t\t\t<div class=\"elementor-widget-container\">\n\t\t\t\t\t<div class=\"elementor-testimonial-wrapper elementor-testimonial-text-align-center\">\n\t\t\t\t\t\t\t<div class=\"elementor-testimonial-content\">\"Engagez-vous avec nous !\"<\/div>\n\t\t\t\n\t\t\t\t\t\t<div class=\"elementor-testimonial-meta elementor-has-image elementor-testimonial-image-position-aside\">\n\t\t\t\t<div class=\"elementor-testimonial-meta-inner\">\n\t\t\t\t\t\t\t\t\t\t\t<div class=\"elementor-testimonial-image\">\n\t\t\t\t\t\t\t<img width=\"184\" height=\"196\" src=\"https:\/\/kpln.fr\/mode-et-nature\/wp-content\/uploads\/2020\/09\/PHOTOS-MAITE-183X207-PXL.jpg\" class=\"attachment-1536x1536 size-1536x1536\" alt=\"\" loading=\"lazy\" \/>\t\t\t\t\t\t<\/div>\n\t\t\t\t\t\n\t\t\t\t\t\t\t\t\t\t<div class=\"elementor-testimonial-details\">\n\t\t\t\t\t\t\t\t\t\t\t\t\t\t<div class=\"elementor-testimonial-name\">Ma\u00eft\u00e9 Cappellen<\/div>\n\t\t\t\t\t\t\t\t\t\t\t\t\t\t\t\t\t\t\t\t\t\t<div class=\"elementor-testimonial-job\">Styliste de KPLN<\/div>\n\t\t\t\t\t\t\t\t\t\t\t\t\t<\/div>\n\t\t\t\t\t\t\t\t\t<\/div>\n\t\t\t<\/div>\n\t\t\t\t\t<\/div>\n\t\t\t\t<\/div>\n\t\t\t\t<\/div>\n\t\t\t\t<div class=\"elementor-element elementor-element-a7c72ec elementor-widget elementor-widget-text-editor\" data-id=\"a7c72ec\" data-element_type=\"widget\" data-widget_type=\"text-editor.default\">\n\t\t\t\t<div class=\"elementor-widget-container\">\n\t\t\t\t\t\t\t\t<div class=\"elementor-text-editor elementor-clearfix\">\n\t\t\t\t\t<p><strong>Notre concept vous a s\u00e9duit et vous souhaitez r\u00e9f\u00e9rencer une marque de mode green \u00e9coresponsable dans vos gammes de v\u00eatements. <a href=\"https:\/\/kpln.fr\/mode-et-nature\/index.php\/je-minscris\/\">Inscrivez-vous en tant que professionnel sur notre site et recevez votre code sous 48h.<\/a><\/strong><\/p>\t\t\t\t\t<\/div>\n\t\t\t\t\t\t<\/div>\n\t\t\t\t<\/div>\n\t\t\t\t<div class=\"elementor-element elementor-element-6005372 elementor-widget elementor-widget-text-editor\" data-id=\"6005372\" data-element_type=\"widget\" data-widget_type=\"text-editor.default\">\n\t\t\t\t<div class=\"elementor-widget-container\">\n\t\t\t\t\t\t\t\t<div class=\"elementor-text-editor elementor-clearfix\">\n\t\t\t\t\t<p class=\"p1\"><em><span class=\"s1\">Pour toutes informations sur nos cr\u00e9ations, renvoyez le formulaire&nbsp; \u00ab&nbsp;<\/span><span class=\"s2\"><b>Contact<\/b><\/span><span class=\"s1\">\u00ab&nbsp;en pr\u00e9cisant votre demande.&nbsp;<\/span><\/em><\/p>\n<p><em>Vous pouvez \u00e9galement nous \u00e9crire \u00e0 <a href=\"mailto:contact@kpln.fr\">contact@kpln.fr<\/a>&nbsp; &#8211;&nbsp; Service client\u00e8le&nbsp; T\u00e9l.&nbsp;: 04 94 07 13 18.<\/em><\/p>\t\t\t\t\t<\/div>\n\t\t\t\t\t\t<\/div>\n\t\t\t\t<\/div>\n\t\t\t\t\t\t<\/div>\n\t\t\t\t\t<\/div>\n\t\t<\/div>\n\t\t\t\t\t\t\t\t<\/div>\n\t\t\t\t\t<\/div>\n\t\t<\/section>\n\t\t\t\t\t\t<\/div>\n\t\t\t\t\t\t<\/div>\n\t\t\t\t\t<\/div>\n\t\t","protected":false},"excerpt":{"rendered":"<p>Vous \u00eates Revendeurs \/ D\u00e9taillants L\u2019\u00e9vidence n\u2019est plus \u00e0 d\u00e9montrer \u2026. L\u2019industrie textile est r\u00e9put\u00e9e \u00eatre la plus polluante ! La marque KPLN, est la \u00ab\u00a0mode green\u00a0\u00bb \u00e9co-responsable qui associe le textile et la nature. Vous souhaitez encourager la production locale et la cr\u00e9ation d\u2019emplois\u200b Encourager le made in France et la production locale sont des valeurs propres \u00e0 KPLN. Vous d\u00e9cidez de franchir le pas et de vous engager pour l\u2019environnement\u200b C&rsquo;est pour nous une \u00e9vidence m\u00eame, franchissez le pas avec nous en vous engageant en faveur de la protection&nbsp; l\u2019environnement. Vous voulez laisser une plan\u00e8te propre aux g\u00e9n\u00e9rations futures\u200b Nous pouvons faire en sorte que notre plan\u00e8te reste propre et vivable pour nos g\u00e9n\u00e9rations futures. Cela commence par le soin et le bien-\u00eatre du corps. \u00ab\u00a0Engagez-vous avec nous !\u00a0\u00bb Ma\u00eft\u00e9 Cappellen Styliste de KPLN Notre concept vous a s\u00e9duit et vous souhaitez r\u00e9f\u00e9rencer une marque de mode green \u00e9coresponsable dans vos gammes de v\u00eatements. Inscrivez-vous en tant que professionnel sur notre site et recevez votre code sous 48h. Pour toutes informations sur nos cr\u00e9ations, renvoyez le formulaire&nbsp; \u00ab&nbsp;Contact\u00ab&nbsp;en pr\u00e9cisant votre demande.&nbsp; Vous pouvez \u00e9galement nous \u00e9crire \u00e0 contact@kpln.fr&nbsp; &#8211;&nbsp; Service client\u00e8le&nbsp; T\u00e9l.&nbsp;: 04 94 07 13 18.<\/p>\n","protected":false},"author":2,"featured_media":0,"parent":0,"menu_order":0,"comment_status":"closed","ping_status":"closed","template":"","meta":{"_monsterinsights_skip_tracking":false,"_monsterinsights_sitenote_active":false,"_monsterinsights_sitenote_note":"","_monsterinsights_sitenote_category":0},"yoast_head":"<!-- This site is optimized with the Yoast SEO plugin v17.0 - https:\/\/yoast.com\/wordpress\/plugins\/seo\/ -->\n<title>Acc\u00e8s professionnel - KPLN - Ma\u00eft\u00e9 Cappellen - Sanary-sur-Mer<\/title>\n<meta name=\"description\" content=\"Notre concept vous a s\u00e9duit et vous souhaitez r\u00e9f\u00e9rencer une marque de mode green \u00e9co-responsable dans vos gammes de v\u00eatements. Devenez partenaire de KPLN..\" \/>\n<meta name=\"robots\" content=\"index, follow, max-snippet:-1, max-image-preview:large, max-video-preview:-1\" \/>\n<link rel=\"canonical\" href=\"https:\/\/kpln.fr\/mode-et-nature\/index.php\/acces-professionnel\/\" \/>\n<meta property=\"og:locale\" content=\"fr_FR\" \/>\n<meta property=\"og:type\" content=\"article\" \/>\n<meta property=\"og:title\" content=\"Acc\u00e8s professionnel - KPLN - Ma\u00eft\u00e9 Cappellen - Sanary-sur-Mer\" \/>\n<meta property=\"og:description\" content=\"Notre concept vous a s\u00e9duit et vous souhaitez r\u00e9f\u00e9rencer une marque de mode green \u00e9co-responsable dans vos gammes de v\u00eatements. Devenez partenaire de KPLN..\" \/>\n<meta property=\"og:url\" content=\"https:\/\/kpln.fr\/mode-et-nature\/index.php\/acces-professionnel\/\" \/>\n<meta property=\"og:site_name\" content=\"KPLN\" \/>\n<meta property=\"article:modified_time\" content=\"2021-02-25T10:31:54+00:00\" \/>\n<meta property=\"og:image\" content=\"https:\/\/kpln.fr\/mode-et-nature\/wp-content\/uploads\/2020\/03\/Selection-photos1-1024x576--768x432.jpg\" \/>\n<meta name=\"twitter:card\" content=\"summary_large_image\" \/>\n<meta name=\"twitter:label1\" content=\"Dur\u00e9e de lecture est.\" \/>\n\t<meta name=\"twitter:data1\" content=\"1 minute\" \/>\n<script type=\"application\/ld+json\" class=\"yoast-schema-graph\">{\"@context\":\"https:\/\/schema.org\",\"@graph\":[{\"@type\":\"WebSite\",\"@id\":\"https:\/\/kpln.fr\/mode-et-nature\/#website\",\"url\":\"https:\/\/kpln.fr\/mode-et-nature\/\",\"name\":\"KPLN\",\"description\":\"Made in France\",\"potentialAction\":[{\"@type\":\"SearchAction\",\"target\":{\"@type\":\"EntryPoint\",\"urlTemplate\":\"https:\/\/kpln.fr\/mode-et-nature\/?s={search_term_string}\"},\"query-input\":\"required name=search_term_string\"}],\"inLanguage\":\"fr-FR\"},{\"@type\":\"ImageObject\",\"@id\":\"https:\/\/kpln.fr\/mode-et-nature\/index.php\/acces-professionnel\/#primaryimage\",\"inLanguage\":\"fr-FR\",\"url\":\"https:\/\/kpln.fr\/mode-et-nature\/wp-content\/uploads\/2020\/03\/Selection-photos1-1024x576-.jpg\",\"contentUrl\":\"https:\/\/kpln.fr\/mode-et-nature\/wp-content\/uploads\/2020\/03\/Selection-photos1-1024x576-.jpg\",\"width\":1024,\"height\":576},{\"@type\":\"WebPage\",\"@id\":\"https:\/\/kpln.fr\/mode-et-nature\/index.php\/acces-professionnel\/#webpage\",\"url\":\"https:\/\/kpln.fr\/mode-et-nature\/index.php\/acces-professionnel\/\",\"name\":\"Acc\\u00e8s professionnel - KPLN - Ma\\u00eft\\u00e9 Cappellen - Sanary-sur-Mer\",\"isPartOf\":{\"@id\":\"https:\/\/kpln.fr\/mode-et-nature\/#website\"},\"primaryImageOfPage\":{\"@id\":\"https:\/\/kpln.fr\/mode-et-nature\/index.php\/acces-professionnel\/#primaryimage\"},\"datePublished\":\"2019-05-13T16:04:55+00:00\",\"dateModified\":\"2021-02-25T10:31:54+00:00\",\"description\":\"Notre concept vous a s\\u00e9duit et vous souhaitez r\\u00e9f\\u00e9rencer une marque de mode green \\u00e9co-responsable dans vos gammes de v\\u00eatements. Devenez partenaire de KPLN..\",\"breadcrumb\":{\"@id\":\"https:\/\/kpln.fr\/mode-et-nature\/index.php\/acces-professionnel\/#breadcrumb\"},\"inLanguage\":\"fr-FR\",\"potentialAction\":[{\"@type\":\"ReadAction\",\"target\":[\"https:\/\/kpln.fr\/mode-et-nature\/index.php\/acces-professionnel\/\"]}]},{\"@type\":\"BreadcrumbList\",\"@id\":\"https:\/\/kpln.fr\/mode-et-nature\/index.php\/acces-professionnel\/#breadcrumb\",\"itemListElement\":[{\"@type\":\"ListItem\",\"position\":1,\"name\":\"Accueil\",\"item\":\"https:\/\/kpln.fr\/mode-et-nature\/\"},{\"@type\":\"ListItem\",\"position\":2,\"name\":\"Acc\\u00e8s professionnel\"}]}]}<\/script>\n<!-- \/ Yoast SEO plugin. -->","yoast_head_json":{"title":"Acc\u00e8s professionnel - KPLN - Ma\u00eft\u00e9 Cappellen - Sanary-sur-Mer","description":"Notre concept vous a s\u00e9duit et vous souhaitez r\u00e9f\u00e9rencer une marque de mode green \u00e9co-responsable dans vos gammes de v\u00eatements. Devenez partenaire de KPLN..","robots":{"index":"index","follow":"follow","max-snippet":"max-snippet:-1","max-image-preview":"max-image-preview:large","max-video-preview":"max-video-preview:-1"},"canonical":"https:\/\/kpln.fr\/mode-et-nature\/index.php\/acces-professionnel\/","og_locale":"fr_FR","og_type":"article","og_title":"Acc\u00e8s professionnel - KPLN - Ma\u00eft\u00e9 Cappellen - Sanary-sur-Mer","og_description":"Notre concept vous a s\u00e9duit et vous souhaitez r\u00e9f\u00e9rencer une marque de mode green \u00e9co-responsable dans vos gammes de v\u00eatements. Devenez partenaire de KPLN..","og_url":"https:\/\/kpln.fr\/mode-et-nature\/index.php\/acces-professionnel\/","og_site_name":"KPLN","article_modified_time":"2021-02-25T10:31:54+00:00","og_image":[{"url":"https:\/\/kpln.fr\/mode-et-nature\/wp-content\/uploads\/2020\/03\/Selection-photos1-1024x576--768x432.jpg"}],"twitter_card":"summary_large_image","twitter_misc":{"Dur\u00e9e de lecture est.":"1 minute"},"schema":{"@context":"https:\/\/schema.org","@graph":[{"@type":"WebSite","@id":"https:\/\/kpln.fr\/mode-et-nature\/#website","url":"https:\/\/kpln.fr\/mode-et-nature\/","name":"KPLN","description":"Made in France","potentialAction":[{"@type":"SearchAction","target":{"@type":"EntryPoint","urlTemplate":"https:\/\/kpln.fr\/mode-et-nature\/?s={search_term_string}"},"query-input":"required name=search_term_string"}],"inLanguage":"fr-FR"},{"@type":"ImageObject","@id":"https:\/\/kpln.fr\/mode-et-nature\/index.php\/acces-professionnel\/#primaryimage","inLanguage":"fr-FR","url":"https:\/\/kpln.fr\/mode-et-nature\/wp-content\/uploads\/2020\/03\/Selection-photos1-1024x576-.jpg","contentUrl":"https:\/\/kpln.fr\/mode-et-nature\/wp-content\/uploads\/2020\/03\/Selection-photos1-1024x576-.jpg","width":1024,"height":576},{"@type":"WebPage","@id":"https:\/\/kpln.fr\/mode-et-nature\/index.php\/acces-professionnel\/#webpage","url":"https:\/\/kpln.fr\/mode-et-nature\/index.php\/acces-professionnel\/","name":"Acc\u00e8s professionnel - KPLN - Ma\u00eft\u00e9 Cappellen - Sanary-sur-Mer","isPartOf":{"@id":"https:\/\/kpln.fr\/mode-et-nature\/#website"},"primaryImageOfPage":{"@id":"https:\/\/kpln.fr\/mode-et-nature\/index.php\/acces-professionnel\/#primaryimage"},"datePublished":"2019-05-13T16:04:55+00:00","dateModified":"2021-02-25T10:31:54+00:00","description":"Notre concept vous a s\u00e9duit et vous souhaitez r\u00e9f\u00e9rencer une marque de mode green \u00e9co-responsable dans vos gammes de v\u00eatements. Devenez partenaire de KPLN..","breadcrumb":{"@id":"https:\/\/kpln.fr\/mode-et-nature\/index.php\/acces-professionnel\/#breadcrumb"},"inLanguage":"fr-FR","potentialAction":[{"@type":"ReadAction","target":["https:\/\/kpln.fr\/mode-et-nature\/index.php\/acces-professionnel\/"]}]},{"@type":"BreadcrumbList","@id":"https:\/\/kpln.fr\/mode-et-nature\/index.php\/acces-professionnel\/#breadcrumb","itemListElement":[{"@type":"ListItem","position":1,"name":"Accueil","item":"https:\/\/kpln.fr\/mode-et-nature\/"},{"@type":"ListItem","position":2,"name":"Acc\u00e8s professionnel"}]}]}},"_links":{"self":[{"href":"https:\/\/kpln.fr\/mode-et-nature\/index.php\/wp-json\/wp\/v2\/pages\/558"}],"collection":[{"href":"https:\/\/kpln.fr\/mode-et-nature\/index.php\/wp-json\/wp\/v2\/pages"}],"about":[{"href":"https:\/\/kpln.fr\/mode-et-nature\/index.php\/wp-json\/wp\/v2\/types\/page"}],"author":[{"embeddable":true,"href":"https:\/\/kpln.fr\/mode-et-nature\/index.php\/wp-json\/wp\/v2\/users\/2"}],"replies":[{"embeddable":true,"href":"https:\/\/kpln.fr\/mode-et-nature\/index.php\/wp-json\/wp\/v2\/comments?post=558"}],"version-history":[{"count":63,"href":"https:\/\/kpln.fr\/mode-et-nature\/index.php\/wp-json\/wp\/v2\/pages\/558\/revisions"}],"predecessor-version":[{"id":1246,"href":"https:\/\/kpln.fr\/mode-et-nature\/index.php\/wp-json\/wp\/v2\/pages\/558\/revisions\/1246"}],"wp:attachment":[{"href":"https:\/\/kpln.fr\/mode-et-nature\/index.php\/wp-json\/wp\/v2\/media?parent=558"}],"curies":[{"name":"wp","href":"https:\/\/api.w.org\/{rel}","templated":true}]}}